{"id":721,"date":"2026-02-17T19:44:56","date_gmt":"2026-02-17T19:44:56","guid":{"rendered":"https:\/\/marcialiluminacion.es\/?post_type=product&#038;p=721"},"modified":"2026-02-21T10:31:36","modified_gmt":"2026-02-21T10:31:36","slug":"lampara-143","status":"publish","type":"product","link":"https:\/\/marcialiluminacion.es\/index.php\/producto\/lampara-143\/","title":{"rendered":"lampara 143"},"content":{"rendered":"","protected":false},"excerpt":{"rendered":"<p data-start=\"0\" data-end=\"97\">Es una <strong data-start=\"7\" data-end=\"62\">l\u00e1mpara colgante de estilo moderno y muy decorativo<\/strong>, con un dise\u00f1o suave y envolvente.<\/p>\n<p data-start=\"99\" data-end=\"422\">Cuenta con una <strong data-start=\"114\" data-end=\"158\">pantalla de vidrio en color rojo intenso<\/strong>, formada por <strong data-start=\"172\" data-end=\"207\">capas horizontales conc\u00e9ntricas<\/strong> que crean volumen y un interesante efecto visual. La parte inferior es <strong data-start=\"279\" data-end=\"294\">transl\u00facida<\/strong>, lo que permite una <strong data-start=\"315\" data-end=\"347\">difusi\u00f3n homog\u00e9nea de la luz<\/strong>, evitando deslumbramientos y aportando una iluminaci\u00f3n c\u00e1lida y agradable.<\/p>\n<p data-start=\"424\" data-end=\"616\">El sistema de suspensi\u00f3n incluye un <strong data-start=\"460\" data-end=\"495\">cable fino con ligera curvatura<\/strong> y un <strong data-start=\"501\" data-end=\"537\">flor\u00f3n met\u00e1lico en acabado claro<\/strong>, que aporta ligereza visual y refuerza el car\u00e1cter contempor\u00e1neo del conjunto.<\/p>\n<p data-start=\"618\" data-end=\"821\" data-is-last-node=\"\" data-is-only-node=\"\">Es una l\u00e1mpara ideal para <strong data-start=\"644\" data-end=\"684\">salones, comedores o zonas centrales<\/strong>, especialmente en espacios modernos o vanguardistas, donde se busque una <strong data-start=\"758\" data-end=\"820\">pieza protagonista que aporte color, personalidad y dise\u00f1o<\/strong>.<\/p>\n","protected":false},"featured_media":251,"comment_status":"open","ping_status":"closed","template":"","meta":[],"product_brand":[],"product_cat":[15],"product_tag":[],"class_list":["post-721","product","type-product","status-publish","has-post-thumbnail","product_cat-sin-categorizar","first","instock","sale","shipping-taxable","purchasable","product-type-simple"],"yoast_head":"<!-- This site is optimized with the Yoast SEO plugin v27.2 - https:\/\/yoast.com\/product\/yoast-seo-wordpress\/ -->\n<title>lampara 143 -<\/title>\n<meta name=\"robots\" content=\"index, follow, max-snippet:-1, max-image-preview:large, max-video-preview:-1\" \/>\n<link rel=\"canonical\" href=\"https:\/\/marcialiluminacion.es\/index.php\/producto\/lampara-143\/\" \/>\n<meta property=\"og:locale\" content=\"es_ES\" \/>\n<meta property=\"og:type\" content=\"article\" \/>\n<meta property=\"og:title\" content=\"lampara 143 -\" \/>\n<meta property=\"og:description\" content=\"Es una l\u00e1mpara colgante de estilo moderno y muy decorativo, con un dise\u00f1o suave y envolvente.  Cuenta con una pantalla de vidrio en color rojo intenso, formada por capas horizontales conc\u00e9ntricas que crean volumen y un interesante efecto visual. La parte inferior es transl\u00facida, lo que permite una difusi\u00f3n homog\u00e9nea de la luz, evitando deslumbramientos y aportando una iluminaci\u00f3n c\u00e1lida y agradable.  El sistema de suspensi\u00f3n incluye un cable fino con ligera curvatura y un flor\u00f3n met\u00e1lico en acabado claro, que aporta ligereza visual y refuerza el car\u00e1cter contempor\u00e1neo del conjunto.  Es una l\u00e1mpara ideal para salones, comedores o zonas centrales, especialmente en espacios modernos o vanguardistas, donde se busque una pieza protagonista que aporte color, personalidad y dise\u00f1o.\" \/>\n<meta property=\"og:url\" content=\"https:\/\/marcialiluminacion.es\/index.php\/producto\/lampara-143\/\" \/>\n<meta property=\"article:modified_time\" content=\"2026-02-21T10:31:36+00:00\" \/>\n<meta name=\"twitter:card\" content=\"summary_large_image\" \/>\n<script type=\"application\/ld+json\" class=\"yoast-schema-graph\">{\"@context\":\"https:\/\/schema.org\",\"@graph\":[{\"@type\":\"WebPage\",\"@id\":\"https:\/\/marcialiluminacion.es\/index.php\/producto\/lampara-143\/\",\"url\":\"https:\/\/marcialiluminacion.es\/index.php\/producto\/lampara-143\/\",\"name\":\"lampara 143 -\",\"isPartOf\":{\"@id\":\"https:\/\/marcialiluminacion.es\/#website\"},\"primaryImageOfPage\":{\"@id\":\"https:\/\/marcialiluminacion.es\/index.php\/producto\/lampara-143\/#primaryimage\"},\"image\":{\"@id\":\"https:\/\/marcialiluminacion.es\/index.php\/producto\/lampara-143\/#primaryimage\"},\"thumbnailUrl\":\"https:\/\/marcialiluminacion.es\/wp-content\/uploads\/2026\/01\/20-59.jpg\",\"datePublished\":\"2026-02-17T19:44:56+00:00\",\"dateModified\":\"2026-02-21T10:31:36+00:00\",\"breadcrumb\":{\"@id\":\"https:\/\/marcialiluminacion.es\/index.php\/producto\/lampara-143\/#breadcrumb\"},\"inLanguage\":\"es\",\"potentialAction\":[{\"@type\":\"ReadAction\",\"target\":[\"https:\/\/marcialiluminacion.es\/index.php\/producto\/lampara-143\/\"]}]},{\"@type\":\"ImageObject\",\"inLanguage\":\"es\",\"@id\":\"https:\/\/marcialiluminacion.es\/index.php\/producto\/lampara-143\/#primaryimage\",\"url\":\"https:\/\/marcialiluminacion.es\/wp-content\/uploads\/2026\/01\/20-59.jpg\",\"contentUrl\":\"https:\/\/marcialiluminacion.es\/wp-content\/uploads\/2026\/01\/20-59.jpg\",\"width\":828,\"height\":1000},{\"@type\":\"BreadcrumbList\",\"@id\":\"https:\/\/marcialiluminacion.es\/index.php\/producto\/lampara-143\/#breadcrumb\",\"itemListElement\":[{\"@type\":\"ListItem\",\"position\":1,\"name\":\"Portada\",\"item\":\"https:\/\/marcialiluminacion.es\/\"},{\"@type\":\"ListItem\",\"position\":2,\"name\":\"Tienda\",\"item\":\"https:\/\/marcialiluminacion.es\/index.php\/tienda\/\"},{\"@type\":\"ListItem\",\"position\":3,\"name\":\"lampara 143\"}]},{\"@type\":\"WebSite\",\"@id\":\"https:\/\/marcialiluminacion.es\/#website\",\"url\":\"https:\/\/marcialiluminacion.es\/\",\"name\":\"\",\"description\":\"\",\"potentialAction\":[{\"@type\":\"SearchAction\",\"target\":{\"@type\":\"EntryPoint\",\"urlTemplate\":\"https:\/\/marcialiluminacion.es\/?s={search_term_string}\"},\"query-input\":{\"@type\":\"PropertyValueSpecification\",\"valueRequired\":true,\"valueName\":\"search_term_string\"}}],\"inLanguage\":\"es\"}]}<\/script>\n<!-- \/ Yoast SEO plugin. -->","yoast_head_json":{"title":"lampara 143 -","robots":{"index":"index","follow":"follow","max-snippet":"max-snippet:-1","max-image-preview":"max-image-preview:large","max-video-preview":"max-video-preview:-1"},"canonical":"https:\/\/marcialiluminacion.es\/index.php\/producto\/lampara-143\/","og_locale":"es_ES","og_type":"article","og_title":"lampara 143 -","og_description":"Es una l\u00e1mpara colgante de estilo moderno y muy decorativo, con un dise\u00f1o suave y envolvente.  Cuenta con una pantalla de vidrio en color rojo intenso, formada por capas horizontales conc\u00e9ntricas que crean volumen y un interesante efecto visual. La parte inferior es transl\u00facida, lo que permite una difusi\u00f3n homog\u00e9nea de la luz, evitando deslumbramientos y aportando una iluminaci\u00f3n c\u00e1lida y agradable.  El sistema de suspensi\u00f3n incluye un cable fino con ligera curvatura y un flor\u00f3n met\u00e1lico en acabado claro, que aporta ligereza visual y refuerza el car\u00e1cter contempor\u00e1neo del conjunto.  Es una l\u00e1mpara ideal para salones, comedores o zonas centrales, especialmente en espacios modernos o vanguardistas, donde se busque una pieza protagonista que aporte color, personalidad y dise\u00f1o.","og_url":"https:\/\/marcialiluminacion.es\/index.php\/producto\/lampara-143\/","article_modified_time":"2026-02-21T10:31:36+00:00","twitter_card":"summary_large_image","schema":{"@context":"https:\/\/schema.org","@graph":[{"@type":"WebPage","@id":"https:\/\/marcialiluminacion.es\/index.php\/producto\/lampara-143\/","url":"https:\/\/marcialiluminacion.es\/index.php\/producto\/lampara-143\/","name":"lampara 143 -","isPartOf":{"@id":"https:\/\/marcialiluminacion.es\/#website"},"primaryImageOfPage":{"@id":"https:\/\/marcialiluminacion.es\/index.php\/producto\/lampara-143\/#primaryimage"},"image":{"@id":"https:\/\/marcialiluminacion.es\/index.php\/producto\/lampara-143\/#primaryimage"},"thumbnailUrl":"https:\/\/marcialiluminacion.es\/wp-content\/uploads\/2026\/01\/20-59.jpg","datePublished":"2026-02-17T19:44:56+00:00","dateModified":"2026-02-21T10:31:36+00:00","breadcrumb":{"@id":"https:\/\/marcialiluminacion.es\/index.php\/producto\/lampara-143\/#breadcrumb"},"inLanguage":"es","potentialAction":[{"@type":"ReadAction","target":["https:\/\/marcialiluminacion.es\/index.php\/producto\/lampara-143\/"]}]},{"@type":"ImageObject","inLanguage":"es","@id":"https:\/\/marcialiluminacion.es\/index.php\/producto\/lampara-143\/#primaryimage","url":"https:\/\/marcialiluminacion.es\/wp-content\/uploads\/2026\/01\/20-59.jpg","contentUrl":"https:\/\/marcialiluminacion.es\/wp-content\/uploads\/2026\/01\/20-59.jpg","width":828,"height":1000},{"@type":"BreadcrumbList","@id":"https:\/\/marcialiluminacion.es\/index.php\/producto\/lampara-143\/#breadcrumb","itemListElement":[{"@type":"ListItem","position":1,"name":"Portada","item":"https:\/\/marcialiluminacion.es\/"},{"@type":"ListItem","position":2,"name":"Tienda","item":"https:\/\/marcialiluminacion.es\/index.php\/tienda\/"},{"@type":"ListItem","position":3,"name":"lampara 143"}]},{"@type":"WebSite","@id":"https:\/\/marcialiluminacion.es\/#website","url":"https:\/\/marcialiluminacion.es\/","name":"","description":"","potentialAction":[{"@type":"SearchAction","target":{"@type":"EntryPoint","urlTemplate":"https:\/\/marcialiluminacion.es\/?s={search_term_string}"},"query-input":{"@type":"PropertyValueSpecification","valueRequired":true,"valueName":"search_term_string"}}],"inLanguage":"es"}]}},"_links":{"self":[{"href":"https:\/\/marcialiluminacion.es\/index.php\/wp-json\/wp\/v2\/product\/721","targetHints":{"allow":["GET"]}}],"collection":[{"href":"https:\/\/marcialiluminacion.es\/index.php\/wp-json\/wp\/v2\/product"}],"about":[{"href":"https:\/\/marcialiluminacion.es\/index.php\/wp-json\/wp\/v2\/types\/product"}],"replies":[{"embeddable":true,"href":"https:\/\/marcialiluminacion.es\/index.php\/wp-json\/wp\/v2\/comments?post=721"}],"wp:featuredmedia":[{"embeddable":true,"href":"https:\/\/marcialiluminacion.es\/index.php\/wp-json\/wp\/v2\/media\/251"}],"wp:attachment":[{"href":"https:\/\/marcialiluminacion.es\/index.php\/wp-json\/wp\/v2\/media?parent=721"}],"wp:term":[{"taxonomy":"product_brand","embeddable":true,"href":"https:\/\/marcialiluminacion.es\/index.php\/wp-json\/wp\/v2\/product_brand?post=721"},{"taxonomy":"product_cat","embeddable":true,"href":"https:\/\/marcialiluminacion.es\/index.php\/wp-json\/wp\/v2\/product_cat?post=721"},{"taxonomy":"product_tag","embeddable":true,"href":"https:\/\/marcialiluminacion.es\/index.php\/wp-json\/wp\/v2\/product_tag?post=721"}],"curies":[{"name":"wp","href":"https:\/\/api.w.org\/{rel}","templated":true}]}}