{"id":699,"date":"2026-02-17T19:44:50","date_gmt":"2026-02-17T19:44:50","guid":{"rendered":"https:\/\/marcialiluminacion.es\/?post_type=product&#038;p=699"},"modified":"2026-02-21T10:31:34","modified_gmt":"2026-02-21T10:31:34","slug":"lampara-121","status":"publish","type":"product","link":"https:\/\/marcialiluminacion.es\/index.php\/producto\/lampara-121\/","title":{"rendered":"lampara 121"},"content":{"rendered":"","protected":false},"excerpt":{"rendered":"<p data-start=\"0\" data-end=\"96\">Es una <strong data-start=\"7\" data-end=\"58\">l\u00e1mpara colgante de exterior tipo farol cl\u00e1sico<\/strong>, con un dise\u00f1o <strong data-start=\"74\" data-end=\"95\">sobrio y elegante<\/strong>.<\/p>\n<p data-start=\"98\" data-end=\"299\">Est\u00e1 fabricada en <strong data-start=\"116\" data-end=\"125\">metal<\/strong> con acabado <strong data-start=\"138\" data-end=\"147\">negro<\/strong>, y se suspende mediante una <strong data-start=\"176\" data-end=\"186\">cadena<\/strong> a juego que refuerza su est\u00e9tica tradicional. Incluye un <strong data-start=\"244\" data-end=\"263\">flor\u00f3n superior<\/strong> para su correcta fijaci\u00f3n al techo.<\/p>\n<p data-start=\"301\" data-end=\"554\">El cuerpo del farol presenta una forma <strong data-start=\"340\" data-end=\"359\">troncopiramidal<\/strong>, con <strong data-start=\"365\" data-end=\"399\">paneles de vidrio transparente<\/strong> que permiten una buena difusi\u00f3n de la luz. Los <strong data-start=\"447\" data-end=\"470\">detalles en relieve<\/strong> en la parte superior e inferior aportan un car\u00e1cter cl\u00e1sico sin resultar recargado.<\/p>\n<p data-start=\"556\" data-end=\"792\" data-is-last-node=\"\" data-is-only-node=\"\">Es ideal para <strong data-start=\"570\" data-end=\"620\">porches, entradas, terrazas o patios cubiertos<\/strong>, proporcionando una <strong data-start=\"641\" data-end=\"676\">iluminaci\u00f3n ambiental agradable<\/strong> y un estilo atemporal que encaja muy bien tanto en viviendas tradicionales como en entornos exteriores cl\u00e1sicos.<\/p>\n","protected":false},"featured_media":210,"comment_status":"open","ping_status":"closed","template":"","meta":[],"product_brand":[],"product_cat":[15],"product_tag":[],"class_list":["post-699","product","type-product","status-publish","has-post-thumbnail","product_cat-sin-categorizar","first","instock","sale","shipping-taxable","purchasable","product-type-simple"],"yoast_head":"<!-- This site is optimized with the Yoast SEO plugin v27.2 - https:\/\/yoast.com\/product\/yoast-seo-wordpress\/ -->\n<title>lampara 121 -<\/title>\n<meta name=\"robots\" content=\"index, follow, max-snippet:-1, max-image-preview:large, max-video-preview:-1\" \/>\n<link rel=\"canonical\" href=\"https:\/\/marcialiluminacion.es\/index.php\/producto\/lampara-121\/\" \/>\n<meta property=\"og:locale\" content=\"es_ES\" \/>\n<meta property=\"og:type\" content=\"article\" \/>\n<meta property=\"og:title\" content=\"lampara 121 -\" \/>\n<meta property=\"og:description\" content=\"Es una l\u00e1mpara colgante de exterior tipo farol cl\u00e1sico, con un dise\u00f1o sobrio y elegante.  Est\u00e1 fabricada en metal con acabado negro, y se suspende mediante una cadena a juego que refuerza su est\u00e9tica tradicional. Incluye un flor\u00f3n superior para su correcta fijaci\u00f3n al techo.  El cuerpo del farol presenta una forma troncopiramidal, con paneles de vidrio transparente que permiten una buena difusi\u00f3n de la luz. Los detalles en relieve en la parte superior e inferior aportan un car\u00e1cter cl\u00e1sico sin resultar recargado.  Es ideal para porches, entradas, terrazas o patios cubiertos, proporcionando una iluminaci\u00f3n ambiental agradable y un estilo atemporal que encaja muy bien tanto en viviendas tradicionales como en entornos exteriores cl\u00e1sicos.\" \/>\n<meta property=\"og:url\" content=\"https:\/\/marcialiluminacion.es\/index.php\/producto\/lampara-121\/\" \/>\n<meta property=\"article:modified_time\" content=\"2026-02-21T10:31:34+00:00\" \/>\n<meta name=\"twitter:card\" content=\"summary_large_image\" \/>\n<script type=\"application\/ld+json\" class=\"yoast-schema-graph\">{\"@context\":\"https:\/\/schema.org\",\"@graph\":[{\"@type\":\"WebPage\",\"@id\":\"https:\/\/marcialiluminacion.es\/index.php\/producto\/lampara-121\/\",\"url\":\"https:\/\/marcialiluminacion.es\/index.php\/producto\/lampara-121\/\",\"name\":\"lampara 121 -\",\"isPartOf\":{\"@id\":\"https:\/\/marcialiluminacion.es\/#website\"},\"primaryImageOfPage\":{\"@id\":\"https:\/\/marcialiluminacion.es\/index.php\/producto\/lampara-121\/#primaryimage\"},\"image\":{\"@id\":\"https:\/\/marcialiluminacion.es\/index.php\/producto\/lampara-121\/#primaryimage\"},\"thumbnailUrl\":\"https:\/\/marcialiluminacion.es\/wp-content\/uploads\/2026\/01\/20-56.jpg\",\"datePublished\":\"2026-02-17T19:44:50+00:00\",\"dateModified\":\"2026-02-21T10:31:34+00:00\",\"breadcrumb\":{\"@id\":\"https:\/\/marcialiluminacion.es\/index.php\/producto\/lampara-121\/#breadcrumb\"},\"inLanguage\":\"es\",\"potentialAction\":[{\"@type\":\"ReadAction\",\"target\":[\"https:\/\/marcialiluminacion.es\/index.php\/producto\/lampara-121\/\"]}]},{\"@type\":\"ImageObject\",\"inLanguage\":\"es\",\"@id\":\"https:\/\/marcialiluminacion.es\/index.php\/producto\/lampara-121\/#primaryimage\",\"url\":\"https:\/\/marcialiluminacion.es\/wp-content\/uploads\/2026\/01\/20-56.jpg\",\"contentUrl\":\"https:\/\/marcialiluminacion.es\/wp-content\/uploads\/2026\/01\/20-56.jpg\",\"width\":750,\"height\":1000},{\"@type\":\"BreadcrumbList\",\"@id\":\"https:\/\/marcialiluminacion.es\/index.php\/producto\/lampara-121\/#breadcrumb\",\"itemListElement\":[{\"@type\":\"ListItem\",\"position\":1,\"name\":\"Portada\",\"item\":\"https:\/\/marcialiluminacion.es\/\"},{\"@type\":\"ListItem\",\"position\":2,\"name\":\"Tienda\",\"item\":\"https:\/\/marcialiluminacion.es\/index.php\/tienda\/\"},{\"@type\":\"ListItem\",\"position\":3,\"name\":\"lampara 121\"}]},{\"@type\":\"WebSite\",\"@id\":\"https:\/\/marcialiluminacion.es\/#website\",\"url\":\"https:\/\/marcialiluminacion.es\/\",\"name\":\"\",\"description\":\"\",\"potentialAction\":[{\"@type\":\"SearchAction\",\"target\":{\"@type\":\"EntryPoint\",\"urlTemplate\":\"https:\/\/marcialiluminacion.es\/?s={search_term_string}\"},\"query-input\":{\"@type\":\"PropertyValueSpecification\",\"valueRequired\":true,\"valueName\":\"search_term_string\"}}],\"inLanguage\":\"es\"}]}<\/script>\n<!-- \/ Yoast SEO plugin. -->","yoast_head_json":{"title":"lampara 121 -","robots":{"index":"index","follow":"follow","max-snippet":"max-snippet:-1","max-image-preview":"max-image-preview:large","max-video-preview":"max-video-preview:-1"},"canonical":"https:\/\/marcialiluminacion.es\/index.php\/producto\/lampara-121\/","og_locale":"es_ES","og_type":"article","og_title":"lampara 121 -","og_description":"Es una l\u00e1mpara colgante de exterior tipo farol cl\u00e1sico, con un dise\u00f1o sobrio y elegante.  Est\u00e1 fabricada en metal con acabado negro, y se suspende mediante una cadena a juego que refuerza su est\u00e9tica tradicional. Incluye un flor\u00f3n superior para su correcta fijaci\u00f3n al techo.  El cuerpo del farol presenta una forma troncopiramidal, con paneles de vidrio transparente que permiten una buena difusi\u00f3n de la luz. Los detalles en relieve en la parte superior e inferior aportan un car\u00e1cter cl\u00e1sico sin resultar recargado.  Es ideal para porches, entradas, terrazas o patios cubiertos, proporcionando una iluminaci\u00f3n ambiental agradable y un estilo atemporal que encaja muy bien tanto en viviendas tradicionales como en entornos exteriores cl\u00e1sicos.","og_url":"https:\/\/marcialiluminacion.es\/index.php\/producto\/lampara-121\/","article_modified_time":"2026-02-21T10:31:34+00:00","twitter_card":"summary_large_image","schema":{"@context":"https:\/\/schema.org","@graph":[{"@type":"WebPage","@id":"https:\/\/marcialiluminacion.es\/index.php\/producto\/lampara-121\/","url":"https:\/\/marcialiluminacion.es\/index.php\/producto\/lampara-121\/","name":"lampara 121 -","isPartOf":{"@id":"https:\/\/marcialiluminacion.es\/#website"},"primaryImageOfPage":{"@id":"https:\/\/marcialiluminacion.es\/index.php\/producto\/lampara-121\/#primaryimage"},"image":{"@id":"https:\/\/marcialiluminacion.es\/index.php\/producto\/lampara-121\/#primaryimage"},"thumbnailUrl":"https:\/\/marcialiluminacion.es\/wp-content\/uploads\/2026\/01\/20-56.jpg","datePublished":"2026-02-17T19:44:50+00:00","dateModified":"2026-02-21T10:31:34+00:00","breadcrumb":{"@id":"https:\/\/marcialiluminacion.es\/index.php\/producto\/lampara-121\/#breadcrumb"},"inLanguage":"es","potentialAction":[{"@type":"ReadAction","target":["https:\/\/marcialiluminacion.es\/index.php\/producto\/lampara-121\/"]}]},{"@type":"ImageObject","inLanguage":"es","@id":"https:\/\/marcialiluminacion.es\/index.php\/producto\/lampara-121\/#primaryimage","url":"https:\/\/marcialiluminacion.es\/wp-content\/uploads\/2026\/01\/20-56.jpg","contentUrl":"https:\/\/marcialiluminacion.es\/wp-content\/uploads\/2026\/01\/20-56.jpg","width":750,"height":1000},{"@type":"BreadcrumbList","@id":"https:\/\/marcialiluminacion.es\/index.php\/producto\/lampara-121\/#breadcrumb","itemListElement":[{"@type":"ListItem","position":1,"name":"Portada","item":"https:\/\/marcialiluminacion.es\/"},{"@type":"ListItem","position":2,"name":"Tienda","item":"https:\/\/marcialiluminacion.es\/index.php\/tienda\/"},{"@type":"ListItem","position":3,"name":"lampara 121"}]},{"@type":"WebSite","@id":"https:\/\/marcialiluminacion.es\/#website","url":"https:\/\/marcialiluminacion.es\/","name":"","description":"","potentialAction":[{"@type":"SearchAction","target":{"@type":"EntryPoint","urlTemplate":"https:\/\/marcialiluminacion.es\/?s={search_term_string}"},"query-input":{"@type":"PropertyValueSpecification","valueRequired":true,"valueName":"search_term_string"}}],"inLanguage":"es"}]}},"_links":{"self":[{"href":"https:\/\/marcialiluminacion.es\/index.php\/wp-json\/wp\/v2\/product\/699","targetHints":{"allow":["GET"]}}],"collection":[{"href":"https:\/\/marcialiluminacion.es\/index.php\/wp-json\/wp\/v2\/product"}],"about":[{"href":"https:\/\/marcialiluminacion.es\/index.php\/wp-json\/wp\/v2\/types\/product"}],"replies":[{"embeddable":true,"href":"https:\/\/marcialiluminacion.es\/index.php\/wp-json\/wp\/v2\/comments?post=699"}],"wp:featuredmedia":[{"embeddable":true,"href":"https:\/\/marcialiluminacion.es\/index.php\/wp-json\/wp\/v2\/media\/210"}],"wp:attachment":[{"href":"https:\/\/marcialiluminacion.es\/index.php\/wp-json\/wp\/v2\/media?parent=699"}],"wp:term":[{"taxonomy":"product_brand","embeddable":true,"href":"https:\/\/marcialiluminacion.es\/index.php\/wp-json\/wp\/v2\/product_brand?post=699"},{"taxonomy":"product_cat","embeddable":true,"href":"https:\/\/marcialiluminacion.es\/index.php\/wp-json\/wp\/v2\/product_cat?post=699"},{"taxonomy":"product_tag","embeddable":true,"href":"https:\/\/marcialiluminacion.es\/index.php\/wp-json\/wp\/v2\/product_tag?post=699"}],"curies":[{"name":"wp","href":"https:\/\/api.w.org\/{rel}","templated":true}]}}