{"id":696,"date":"2026-02-17T19:44:50","date_gmt":"2026-02-17T19:44:50","guid":{"rendered":"https:\/\/marcialiluminacion.es\/?post_type=product&#038;p=696"},"modified":"2026-02-21T10:31:34","modified_gmt":"2026-02-21T10:31:34","slug":"lampara-118","status":"publish","type":"product","link":"https:\/\/marcialiluminacion.es\/index.php\/producto\/lampara-118\/","title":{"rendered":"lampara 118"},"content":{"rendered":"","protected":false},"excerpt":{"rendered":"<p data-start=\"0\" data-end=\"91\">Es una <strong data-start=\"7\" data-end=\"50\">l\u00e1mpara colgante de exterior tipo farol<\/strong>, con un dise\u00f1o <strong data-start=\"66\" data-end=\"90\">cl\u00e1sico y decorativo<\/strong>.<\/p>\n<p data-start=\"93\" data-end=\"352\">Est\u00e1 fabricada en <strong data-start=\"111\" data-end=\"134\">material resistente<\/strong> de color <strong data-start=\"144\" data-end=\"154\">blanco<\/strong>, pensada para exteriores. Se suspende mediante una <strong data-start=\"206\" data-end=\"223\">cadena blanca<\/strong>, que aporta un estilo tradicional y permite regular la altura. En la parte superior incluye el <strong data-start=\"319\" data-end=\"351\">soporte de fijaci\u00f3n al techo<\/strong>.<\/p>\n<p data-start=\"354\" data-end=\"597\">El cuerpo del farol tiene forma <strong data-start=\"386\" data-end=\"405\">troncopiramidal<\/strong>, con <strong data-start=\"411\" data-end=\"445\">paneles de vidrio transparente<\/strong> que protegen la bombilla y permiten una <strong data-start=\"486\" data-end=\"518\">iluminaci\u00f3n clara y uniforme<\/strong>. Incorpora un <strong data-start=\"533\" data-end=\"563\">remate inferior decorativo<\/strong> que refuerza su est\u00e9tica cl\u00e1sica.<\/p>\n<p data-start=\"599\" data-end=\"807\" data-is-last-node=\"\" data-is-only-node=\"\">Es ideal para <strong data-start=\"613\" data-end=\"665\">porches, terrazas, entradas o balcones cubiertos<\/strong>, aportando una <strong data-start=\"681\" data-end=\"708\">luz ambiental agradable<\/strong> y un toque elegante que combina muy bien con fachadas tradicionales o de estilo mediterr\u00e1neo.<\/p>\n","protected":false},"featured_media":203,"comment_status":"open","ping_status":"closed","template":"","meta":[],"product_brand":[],"product_cat":[15],"product_tag":[],"class_list":["post-696","product","type-product","status-publish","has-post-thumbnail","product_cat-sin-categorizar","first","instock","sale","shipping-taxable","purchasable","product-type-simple"],"yoast_head":"<!-- This site is optimized with the Yoast SEO plugin v27.2 - https:\/\/yoast.com\/product\/yoast-seo-wordpress\/ -->\n<title>lampara 118 -<\/title>\n<meta name=\"robots\" content=\"index, follow, max-snippet:-1, max-image-preview:large, max-video-preview:-1\" \/>\n<link rel=\"canonical\" href=\"https:\/\/marcialiluminacion.es\/index.php\/producto\/lampara-118\/\" \/>\n<meta property=\"og:locale\" content=\"es_ES\" \/>\n<meta property=\"og:type\" content=\"article\" \/>\n<meta property=\"og:title\" content=\"lampara 118 -\" \/>\n<meta property=\"og:description\" content=\"Es una l\u00e1mpara colgante de exterior tipo farol, con un dise\u00f1o cl\u00e1sico y decorativo.  Est\u00e1 fabricada en material resistente de color blanco, pensada para exteriores. Se suspende mediante una cadena blanca, que aporta un estilo tradicional y permite regular la altura. En la parte superior incluye el soporte de fijaci\u00f3n al techo.  El cuerpo del farol tiene forma troncopiramidal, con paneles de vidrio transparente que protegen la bombilla y permiten una iluminaci\u00f3n clara y uniforme. Incorpora un remate inferior decorativo que refuerza su est\u00e9tica cl\u00e1sica.  Es ideal para porches, terrazas, entradas o balcones cubiertos, aportando una luz ambiental agradable y un toque elegante que combina muy bien con fachadas tradicionales o de estilo mediterr\u00e1neo.\" \/>\n<meta property=\"og:url\" content=\"https:\/\/marcialiluminacion.es\/index.php\/producto\/lampara-118\/\" \/>\n<meta property=\"article:modified_time\" content=\"2026-02-21T10:31:34+00:00\" \/>\n<meta name=\"twitter:card\" content=\"summary_large_image\" \/>\n<script type=\"application\/ld+json\" class=\"yoast-schema-graph\">{\"@context\":\"https:\/\/schema.org\",\"@graph\":[{\"@type\":\"WebPage\",\"@id\":\"https:\/\/marcialiluminacion.es\/index.php\/producto\/lampara-118\/\",\"url\":\"https:\/\/marcialiluminacion.es\/index.php\/producto\/lampara-118\/\",\"name\":\"lampara 118 -\",\"isPartOf\":{\"@id\":\"https:\/\/marcialiluminacion.es\/#website\"},\"primaryImageOfPage\":{\"@id\":\"https:\/\/marcialiluminacion.es\/index.php\/producto\/lampara-118\/#primaryimage\"},\"image\":{\"@id\":\"https:\/\/marcialiluminacion.es\/index.php\/producto\/lampara-118\/#primaryimage\"},\"thumbnailUrl\":\"https:\/\/marcialiluminacion.es\/wp-content\/uploads\/2026\/01\/20-53.jpg\",\"datePublished\":\"2026-02-17T19:44:50+00:00\",\"dateModified\":\"2026-02-21T10:31:34+00:00\",\"breadcrumb\":{\"@id\":\"https:\/\/marcialiluminacion.es\/index.php\/producto\/lampara-118\/#breadcrumb\"},\"inLanguage\":\"es\",\"potentialAction\":[{\"@type\":\"ReadAction\",\"target\":[\"https:\/\/marcialiluminacion.es\/index.php\/producto\/lampara-118\/\"]}]},{\"@type\":\"ImageObject\",\"inLanguage\":\"es\",\"@id\":\"https:\/\/marcialiluminacion.es\/index.php\/producto\/lampara-118\/#primaryimage\",\"url\":\"https:\/\/marcialiluminacion.es\/wp-content\/uploads\/2026\/01\/20-53.jpg\",\"contentUrl\":\"https:\/\/marcialiluminacion.es\/wp-content\/uploads\/2026\/01\/20-53.jpg\",\"width\":735,\"height\":1000},{\"@type\":\"BreadcrumbList\",\"@id\":\"https:\/\/marcialiluminacion.es\/index.php\/producto\/lampara-118\/#breadcrumb\",\"itemListElement\":[{\"@type\":\"ListItem\",\"position\":1,\"name\":\"Portada\",\"item\":\"https:\/\/marcialiluminacion.es\/\"},{\"@type\":\"ListItem\",\"position\":2,\"name\":\"Tienda\",\"item\":\"https:\/\/marcialiluminacion.es\/index.php\/tienda\/\"},{\"@type\":\"ListItem\",\"position\":3,\"name\":\"lampara 118\"}]},{\"@type\":\"WebSite\",\"@id\":\"https:\/\/marcialiluminacion.es\/#website\",\"url\":\"https:\/\/marcialiluminacion.es\/\",\"name\":\"\",\"description\":\"\",\"potentialAction\":[{\"@type\":\"SearchAction\",\"target\":{\"@type\":\"EntryPoint\",\"urlTemplate\":\"https:\/\/marcialiluminacion.es\/?s={search_term_string}\"},\"query-input\":{\"@type\":\"PropertyValueSpecification\",\"valueRequired\":true,\"valueName\":\"search_term_string\"}}],\"inLanguage\":\"es\"}]}<\/script>\n<!-- \/ Yoast SEO plugin. -->","yoast_head_json":{"title":"lampara 118 -","robots":{"index":"index","follow":"follow","max-snippet":"max-snippet:-1","max-image-preview":"max-image-preview:large","max-video-preview":"max-video-preview:-1"},"canonical":"https:\/\/marcialiluminacion.es\/index.php\/producto\/lampara-118\/","og_locale":"es_ES","og_type":"article","og_title":"lampara 118 -","og_description":"Es una l\u00e1mpara colgante de exterior tipo farol, con un dise\u00f1o cl\u00e1sico y decorativo.  Est\u00e1 fabricada en material resistente de color blanco, pensada para exteriores. Se suspende mediante una cadena blanca, que aporta un estilo tradicional y permite regular la altura. En la parte superior incluye el soporte de fijaci\u00f3n al techo.  El cuerpo del farol tiene forma troncopiramidal, con paneles de vidrio transparente que protegen la bombilla y permiten una iluminaci\u00f3n clara y uniforme. Incorpora un remate inferior decorativo que refuerza su est\u00e9tica cl\u00e1sica.  Es ideal para porches, terrazas, entradas o balcones cubiertos, aportando una luz ambiental agradable y un toque elegante que combina muy bien con fachadas tradicionales o de estilo mediterr\u00e1neo.","og_url":"https:\/\/marcialiluminacion.es\/index.php\/producto\/lampara-118\/","article_modified_time":"2026-02-21T10:31:34+00:00","twitter_card":"summary_large_image","schema":{"@context":"https:\/\/schema.org","@graph":[{"@type":"WebPage","@id":"https:\/\/marcialiluminacion.es\/index.php\/producto\/lampara-118\/","url":"https:\/\/marcialiluminacion.es\/index.php\/producto\/lampara-118\/","name":"lampara 118 -","isPartOf":{"@id":"https:\/\/marcialiluminacion.es\/#website"},"primaryImageOfPage":{"@id":"https:\/\/marcialiluminacion.es\/index.php\/producto\/lampara-118\/#primaryimage"},"image":{"@id":"https:\/\/marcialiluminacion.es\/index.php\/producto\/lampara-118\/#primaryimage"},"thumbnailUrl":"https:\/\/marcialiluminacion.es\/wp-content\/uploads\/2026\/01\/20-53.jpg","datePublished":"2026-02-17T19:44:50+00:00","dateModified":"2026-02-21T10:31:34+00:00","breadcrumb":{"@id":"https:\/\/marcialiluminacion.es\/index.php\/producto\/lampara-118\/#breadcrumb"},"inLanguage":"es","potentialAction":[{"@type":"ReadAction","target":["https:\/\/marcialiluminacion.es\/index.php\/producto\/lampara-118\/"]}]},{"@type":"ImageObject","inLanguage":"es","@id":"https:\/\/marcialiluminacion.es\/index.php\/producto\/lampara-118\/#primaryimage","url":"https:\/\/marcialiluminacion.es\/wp-content\/uploads\/2026\/01\/20-53.jpg","contentUrl":"https:\/\/marcialiluminacion.es\/wp-content\/uploads\/2026\/01\/20-53.jpg","width":735,"height":1000},{"@type":"BreadcrumbList","@id":"https:\/\/marcialiluminacion.es\/index.php\/producto\/lampara-118\/#breadcrumb","itemListElement":[{"@type":"ListItem","position":1,"name":"Portada","item":"https:\/\/marcialiluminacion.es\/"},{"@type":"ListItem","position":2,"name":"Tienda","item":"https:\/\/marcialiluminacion.es\/index.php\/tienda\/"},{"@type":"ListItem","position":3,"name":"lampara 118"}]},{"@type":"WebSite","@id":"https:\/\/marcialiluminacion.es\/#website","url":"https:\/\/marcialiluminacion.es\/","name":"","description":"","potentialAction":[{"@type":"SearchAction","target":{"@type":"EntryPoint","urlTemplate":"https:\/\/marcialiluminacion.es\/?s={search_term_string}"},"query-input":{"@type":"PropertyValueSpecification","valueRequired":true,"valueName":"search_term_string"}}],"inLanguage":"es"}]}},"_links":{"self":[{"href":"https:\/\/marcialiluminacion.es\/index.php\/wp-json\/wp\/v2\/product\/696","targetHints":{"allow":["GET"]}}],"collection":[{"href":"https:\/\/marcialiluminacion.es\/index.php\/wp-json\/wp\/v2\/product"}],"about":[{"href":"https:\/\/marcialiluminacion.es\/index.php\/wp-json\/wp\/v2\/types\/product"}],"replies":[{"embeddable":true,"href":"https:\/\/marcialiluminacion.es\/index.php\/wp-json\/wp\/v2\/comments?post=696"}],"wp:featuredmedia":[{"embeddable":true,"href":"https:\/\/marcialiluminacion.es\/index.php\/wp-json\/wp\/v2\/media\/203"}],"wp:attachment":[{"href":"https:\/\/marcialiluminacion.es\/index.php\/wp-json\/wp\/v2\/media?parent=696"}],"wp:term":[{"taxonomy":"product_brand","embeddable":true,"href":"https:\/\/marcialiluminacion.es\/index.php\/wp-json\/wp\/v2\/product_brand?post=696"},{"taxonomy":"product_cat","embeddable":true,"href":"https:\/\/marcialiluminacion.es\/index.php\/wp-json\/wp\/v2\/product_cat?post=696"},{"taxonomy":"product_tag","embeddable":true,"href":"https:\/\/marcialiluminacion.es\/index.php\/wp-json\/wp\/v2\/product_tag?post=696"}],"curies":[{"name":"wp","href":"https:\/\/api.w.org\/{rel}","templated":true}]}}