{"id":686,"date":"2026-02-17T19:44:49","date_gmt":"2026-02-17T19:44:49","guid":{"rendered":"https:\/\/marcialiluminacion.es\/?post_type=product&#038;p=686"},"modified":"2026-02-21T10:31:33","modified_gmt":"2026-02-21T10:31:33","slug":"lampara-108","status":"publish","type":"product","link":"https:\/\/marcialiluminacion.es\/index.php\/producto\/lampara-108\/","title":{"rendered":"lampara 108"},"content":{"rendered":"","protected":false},"excerpt":{"rendered":"<p data-start=\"0\" data-end=\"116\">Es una <strong data-start=\"7\" data-end=\"37\">l\u00e1mpara colgante tipo foco<\/strong> con un dise\u00f1o <strong data-start=\"52\" data-end=\"76\">elegante y funcional<\/strong>, de inspiraci\u00f3n <strong data-start=\"93\" data-end=\"115\">moderna\u2013industrial<\/strong>.<\/p>\n<p data-start=\"118\" data-end=\"388\">Dispone de una <strong data-start=\"133\" data-end=\"158\">barra r\u00edgida met\u00e1lica<\/strong> en acabado <strong data-start=\"170\" data-end=\"197\">lat\u00f3n\/dorado envejecido<\/strong>, que cuelga desde un <strong data-start=\"219\" data-end=\"238\">flor\u00f3n circular<\/strong> a juego. En el extremo inferior incorpora un <strong data-start=\"284\" data-end=\"303\">foco orientable<\/strong>, tambi\u00e9n met\u00e1lico, que permite <strong data-start=\"335\" data-end=\"353\">dirigir la luz<\/strong> seg\u00fan las necesidades del espacio.<\/p>\n<p data-start=\"390\" data-end=\"671\" data-is-last-node=\"\" data-is-only-node=\"\">Su est\u00e9tica es <strong data-start=\"405\" data-end=\"432\">sobria pero sofisticada<\/strong>, combinando l\u00edneas limpias con un acabado c\u00e1lido. Es ideal para <strong data-start=\"497\" data-end=\"520\">iluminaci\u00f3n puntual<\/strong> en mesas, encimeras, pasillos o zonas de trabajo, y encaja muy bien en interiores <strong data-start=\"603\" data-end=\"666\">modernos, industriales o contempor\u00e1neos con toques cl\u00e1sicos<\/strong>.<\/p>\n","protected":false},"featured_media":183,"comment_status":"open","ping_status":"closed","template":"","meta":[],"product_brand":[],"product_cat":[15],"product_tag":[],"class_list":["post-686","product","type-product","status-publish","has-post-thumbnail","product_cat-sin-categorizar","first","instock","sale","shipping-taxable","purchasable","product-type-simple"],"yoast_head":"<!-- This site is optimized with the Yoast SEO plugin v27.2 - https:\/\/yoast.com\/product\/yoast-seo-wordpress\/ -->\n<title>lampara 108 -<\/title>\n<meta name=\"robots\" content=\"index, follow, max-snippet:-1, max-image-preview:large, max-video-preview:-1\" \/>\n<link rel=\"canonical\" href=\"https:\/\/marcialiluminacion.es\/index.php\/producto\/lampara-108\/\" \/>\n<meta property=\"og:locale\" content=\"es_ES\" \/>\n<meta property=\"og:type\" content=\"article\" \/>\n<meta property=\"og:title\" content=\"lampara 108 -\" \/>\n<meta property=\"og:description\" content=\"Es una l\u00e1mpara colgante tipo foco con un dise\u00f1o elegante y funcional, de inspiraci\u00f3n moderna\u2013industrial.  Dispone de una barra r\u00edgida met\u00e1lica en acabado lat\u00f3n\/dorado envejecido, que cuelga desde un flor\u00f3n circular a juego. En el extremo inferior incorpora un foco orientable, tambi\u00e9n met\u00e1lico, que permite dirigir la luz seg\u00fan las necesidades del espacio.  Su est\u00e9tica es sobria pero sofisticada, combinando l\u00edneas limpias con un acabado c\u00e1lido. Es ideal para iluminaci\u00f3n puntual en mesas, encimeras, pasillos o zonas de trabajo, y encaja muy bien en interiores modernos, industriales o contempor\u00e1neos con toques cl\u00e1sicos.\" \/>\n<meta property=\"og:url\" content=\"https:\/\/marcialiluminacion.es\/index.php\/producto\/lampara-108\/\" \/>\n<meta property=\"article:modified_time\" content=\"2026-02-21T10:31:33+00:00\" \/>\n<meta name=\"twitter:card\" content=\"summary_large_image\" \/>\n<script type=\"application\/ld+json\" class=\"yoast-schema-graph\">{\"@context\":\"https:\/\/schema.org\",\"@graph\":[{\"@type\":\"WebPage\",\"@id\":\"https:\/\/marcialiluminacion.es\/index.php\/producto\/lampara-108\/\",\"url\":\"https:\/\/marcialiluminacion.es\/index.php\/producto\/lampara-108\/\",\"name\":\"lampara 108 -\",\"isPartOf\":{\"@id\":\"https:\/\/marcialiluminacion.es\/#website\"},\"primaryImageOfPage\":{\"@id\":\"https:\/\/marcialiluminacion.es\/index.php\/producto\/lampara-108\/#primaryimage\"},\"image\":{\"@id\":\"https:\/\/marcialiluminacion.es\/index.php\/producto\/lampara-108\/#primaryimage\"},\"thumbnailUrl\":\"https:\/\/marcialiluminacion.es\/wp-content\/uploads\/2026\/01\/15-8.jpg\",\"datePublished\":\"2026-02-17T19:44:49+00:00\",\"dateModified\":\"2026-02-21T10:31:33+00:00\",\"breadcrumb\":{\"@id\":\"https:\/\/marcialiluminacion.es\/index.php\/producto\/lampara-108\/#breadcrumb\"},\"inLanguage\":\"es\",\"potentialAction\":[{\"@type\":\"ReadAction\",\"target\":[\"https:\/\/marcialiluminacion.es\/index.php\/producto\/lampara-108\/\"]}]},{\"@type\":\"ImageObject\",\"inLanguage\":\"es\",\"@id\":\"https:\/\/marcialiluminacion.es\/index.php\/producto\/lampara-108\/#primaryimage\",\"url\":\"https:\/\/marcialiluminacion.es\/wp-content\/uploads\/2026\/01\/15-8.jpg\",\"contentUrl\":\"https:\/\/marcialiluminacion.es\/wp-content\/uploads\/2026\/01\/15-8.jpg\",\"width\":750,\"height\":1000},{\"@type\":\"BreadcrumbList\",\"@id\":\"https:\/\/marcialiluminacion.es\/index.php\/producto\/lampara-108\/#breadcrumb\",\"itemListElement\":[{\"@type\":\"ListItem\",\"position\":1,\"name\":\"Portada\",\"item\":\"https:\/\/marcialiluminacion.es\/\"},{\"@type\":\"ListItem\",\"position\":2,\"name\":\"Tienda\",\"item\":\"https:\/\/marcialiluminacion.es\/index.php\/tienda\/\"},{\"@type\":\"ListItem\",\"position\":3,\"name\":\"lampara 108\"}]},{\"@type\":\"WebSite\",\"@id\":\"https:\/\/marcialiluminacion.es\/#website\",\"url\":\"https:\/\/marcialiluminacion.es\/\",\"name\":\"\",\"description\":\"\",\"potentialAction\":[{\"@type\":\"SearchAction\",\"target\":{\"@type\":\"EntryPoint\",\"urlTemplate\":\"https:\/\/marcialiluminacion.es\/?s={search_term_string}\"},\"query-input\":{\"@type\":\"PropertyValueSpecification\",\"valueRequired\":true,\"valueName\":\"search_term_string\"}}],\"inLanguage\":\"es\"}]}<\/script>\n<!-- \/ Yoast SEO plugin. -->","yoast_head_json":{"title":"lampara 108 -","robots":{"index":"index","follow":"follow","max-snippet":"max-snippet:-1","max-image-preview":"max-image-preview:large","max-video-preview":"max-video-preview:-1"},"canonical":"https:\/\/marcialiluminacion.es\/index.php\/producto\/lampara-108\/","og_locale":"es_ES","og_type":"article","og_title":"lampara 108 -","og_description":"Es una l\u00e1mpara colgante tipo foco con un dise\u00f1o elegante y funcional, de inspiraci\u00f3n moderna\u2013industrial.  Dispone de una barra r\u00edgida met\u00e1lica en acabado lat\u00f3n\/dorado envejecido, que cuelga desde un flor\u00f3n circular a juego. En el extremo inferior incorpora un foco orientable, tambi\u00e9n met\u00e1lico, que permite dirigir la luz seg\u00fan las necesidades del espacio.  Su est\u00e9tica es sobria pero sofisticada, combinando l\u00edneas limpias con un acabado c\u00e1lido. Es ideal para iluminaci\u00f3n puntual en mesas, encimeras, pasillos o zonas de trabajo, y encaja muy bien en interiores modernos, industriales o contempor\u00e1neos con toques cl\u00e1sicos.","og_url":"https:\/\/marcialiluminacion.es\/index.php\/producto\/lampara-108\/","article_modified_time":"2026-02-21T10:31:33+00:00","twitter_card":"summary_large_image","schema":{"@context":"https:\/\/schema.org","@graph":[{"@type":"WebPage","@id":"https:\/\/marcialiluminacion.es\/index.php\/producto\/lampara-108\/","url":"https:\/\/marcialiluminacion.es\/index.php\/producto\/lampara-108\/","name":"lampara 108 -","isPartOf":{"@id":"https:\/\/marcialiluminacion.es\/#website"},"primaryImageOfPage":{"@id":"https:\/\/marcialiluminacion.es\/index.php\/producto\/lampara-108\/#primaryimage"},"image":{"@id":"https:\/\/marcialiluminacion.es\/index.php\/producto\/lampara-108\/#primaryimage"},"thumbnailUrl":"https:\/\/marcialiluminacion.es\/wp-content\/uploads\/2026\/01\/15-8.jpg","datePublished":"2026-02-17T19:44:49+00:00","dateModified":"2026-02-21T10:31:33+00:00","breadcrumb":{"@id":"https:\/\/marcialiluminacion.es\/index.php\/producto\/lampara-108\/#breadcrumb"},"inLanguage":"es","potentialAction":[{"@type":"ReadAction","target":["https:\/\/marcialiluminacion.es\/index.php\/producto\/lampara-108\/"]}]},{"@type":"ImageObject","inLanguage":"es","@id":"https:\/\/marcialiluminacion.es\/index.php\/producto\/lampara-108\/#primaryimage","url":"https:\/\/marcialiluminacion.es\/wp-content\/uploads\/2026\/01\/15-8.jpg","contentUrl":"https:\/\/marcialiluminacion.es\/wp-content\/uploads\/2026\/01\/15-8.jpg","width":750,"height":1000},{"@type":"BreadcrumbList","@id":"https:\/\/marcialiluminacion.es\/index.php\/producto\/lampara-108\/#breadcrumb","itemListElement":[{"@type":"ListItem","position":1,"name":"Portada","item":"https:\/\/marcialiluminacion.es\/"},{"@type":"ListItem","position":2,"name":"Tienda","item":"https:\/\/marcialiluminacion.es\/index.php\/tienda\/"},{"@type":"ListItem","position":3,"name":"lampara 108"}]},{"@type":"WebSite","@id":"https:\/\/marcialiluminacion.es\/#website","url":"https:\/\/marcialiluminacion.es\/","name":"","description":"","potentialAction":[{"@type":"SearchAction","target":{"@type":"EntryPoint","urlTemplate":"https:\/\/marcialiluminacion.es\/?s={search_term_string}"},"query-input":{"@type":"PropertyValueSpecification","valueRequired":true,"valueName":"search_term_string"}}],"inLanguage":"es"}]}},"_links":{"self":[{"href":"https:\/\/marcialiluminacion.es\/index.php\/wp-json\/wp\/v2\/product\/686","targetHints":{"allow":["GET"]}}],"collection":[{"href":"https:\/\/marcialiluminacion.es\/index.php\/wp-json\/wp\/v2\/product"}],"about":[{"href":"https:\/\/marcialiluminacion.es\/index.php\/wp-json\/wp\/v2\/types\/product"}],"replies":[{"embeddable":true,"href":"https:\/\/marcialiluminacion.es\/index.php\/wp-json\/wp\/v2\/comments?post=686"}],"wp:featuredmedia":[{"embeddable":true,"href":"https:\/\/marcialiluminacion.es\/index.php\/wp-json\/wp\/v2\/media\/183"}],"wp:attachment":[{"href":"https:\/\/marcialiluminacion.es\/index.php\/wp-json\/wp\/v2\/media?parent=686"}],"wp:term":[{"taxonomy":"product_brand","embeddable":true,"href":"https:\/\/marcialiluminacion.es\/index.php\/wp-json\/wp\/v2\/product_brand?post=686"},{"taxonomy":"product_cat","embeddable":true,"href":"https:\/\/marcialiluminacion.es\/index.php\/wp-json\/wp\/v2\/product_cat?post=686"},{"taxonomy":"product_tag","embeddable":true,"href":"https:\/\/marcialiluminacion.es\/index.php\/wp-json\/wp\/v2\/product_tag?post=686"}],"curies":[{"name":"wp","href":"https:\/\/api.w.org\/{rel}","templated":true}]}}